{"id":21595,"date":"2026-03-05T05:23:39","date_gmt":"2026-03-05T10:23:39","guid":{"rendered":"https:\/\/nationalcherryblossomfestival.org\/event\/amistad-en-flor\/"},"modified":"2026-04-01T02:33:39","modified_gmt":"2026-04-01T06:33:39","slug":"amistad-en-flor","status":"publish","type":"tribe_events","link":"https:\/\/nationalcherryblossomfestival.org\/es\/event\/amistad-en-flor\/","title":{"rendered":"Amistad en flor"},"content":{"rendered":"\t\t<div data-elementor-type=\"tec_event_single_static\" data-elementor-id=\"21595\" class=\"elementor elementor-21595 elementor-20485\" data-elementor-post-type=\"tribe_events\">\n\t\t\t\t<div class=\"elementor-element elementor-element-d314b34 e-flex e-con-boxed e-con e-parent\" data-id=\"d314b34\" data-element_type=\"container\" data-e-type=\"container\">\n\t\t\t\t\t<div class=\"e-con-inner\">\n\t\t\t\t<div class=\"elementor-element elementor-element-5f2f832 elementor-widget elementor-widget-image\" data-id=\"5f2f832\" data-element_type=\"widget\" data-e-type=\"widget\" data-widget_type=\"image.default\">\n\t\t\t\t<div class=\"elementor-widget-container\">\n\t\t\t\t\t\t\t\t\t\t\t\t\t\t\t<img fetchpriority=\"high\" decoding=\"async\" width=\"300\" height=\"300\" src=\"data:image\/gif;base64,R0lGODlhAQABAAAAACH5BAEKAAEALAAAAAABAAEAAAICTAEAOw==\" class=\"attachment-medium size-medium wp-image-21597 lazyload\" alt=\"\" sizes=\"(max-width: 300px) 100vw, 300px\" data-src=\"https:\/\/nationalcherryblossomfestival.org\/wp-content\/uploads\/2026\/03\/EOJ-250-Logo-300x300.png\" data-srcset=\"https:\/\/nationalcherryblossomfestival.org\/wp-content\/uploads\/2026\/03\/EOJ-250-Logo-300x300.png 300w, https:\/\/nationalcherryblossomfestival.org\/wp-content\/uploads\/2026\/03\/EOJ-250-Logo-150x150.png 150w, https:\/\/nationalcherryblossomfestival.org\/wp-content\/uploads\/2026\/03\/EOJ-250-Logo.png 635w\">\t\t\t\t\t\t\t\t\t\t\t\t\t\t\t<\/div>\n\t\t\t\t<\/div>\n\t\t\t\t\t<\/div>\n\t\t\t\t<\/div>\n\t\t<div class=\"elementor-element elementor-element-3d1ea249 e-flex e-con-boxed e-con e-parent\" data-id=\"3d1ea249\" data-element_type=\"container\" data-e-type=\"container\">\n\t\t\t\t\t<div class=\"e-con-inner\">\n\t\t\t\t<div class=\"elementor-element elementor-element-5baea265 elementor-widget elementor-widget-text-editor\" data-id=\"5baea265\" data-element_type=\"widget\" data-e-type=\"widget\" data-widget_type=\"text-editor.default\">\n\t\t\t\t<div class=\"elementor-widget-container\">\n\t\t\t\t\t\t\t\t\tUna exposici\u00f3n de 250 dibujos y haikus compuestos por estudiantes de primaria en Jap\u00f3n y Washington D.C. con el tema de la sakura para celebrar el 250\u00ba aniversario de la Declaraci\u00f3n de Independencia y el regalo de 250 cerezos en flor de Jap\u00f3n a Estados Unidos en 2026. La exposici\u00f3n es la culminaci\u00f3n de un proyecto de intercambio organizado por la Embajada de Jap\u00f3n para fomentar la amistad internacional, el entendimiento mutuo y la apreciaci\u00f3n cultural entre estudiantes de primaria en EE. UU. y Jap\u00f3n. Los visitantes podr\u00e1n disfrutar de las obras de los estudiantes y compartir la esperanza de un futuro brillante que representan.  \t\t\t\t\t\t\t\t<\/div>\n\t\t\t\t<\/div>\n\t\t\t\t\t<\/div>\n\t\t\t\t<\/div>\n\t\t<div class=\"elementor-element elementor-element-2606e2d e-flex e-con-boxed e-con e-parent\" data-id=\"2606e2d\" data-element_type=\"container\" data-e-type=\"container\">\n\t\t\t\t\t<div class=\"e-con-inner\">\n\t\t<div class=\"elementor-element elementor-element-fcc333b e-con-full e-flex e-con e-child\" data-id=\"fcc333b\" data-element_type=\"container\" data-e-type=\"container\">\n\t\t<div class=\"elementor-element elementor-element-5029e8f e-con-full e-flex e-con e-child\" data-id=\"5029e8f\" data-element_type=\"container\" data-e-type=\"container\">\n\t\t<div class=\"elementor-element elementor-element-92c95e8 e-con-full e-flex e-con e-child\" data-id=\"92c95e8\" data-element_type=\"container\" data-e-type=\"container\">\n\t\t<div class=\"elementor-element elementor-element-5333cbe e-con-full e-flex e-con e-child\" data-id=\"5333cbe\" data-element_type=\"container\" data-e-type=\"container\">\n\t\t<div class=\"elementor-element elementor-element-8b687c5 e-con-full e-flex e-con e-child\" data-id=\"8b687c5\" data-element_type=\"container\" data-e-type=\"container\">\n\t\t<div class=\"elementor-element elementor-element-dcf9bc6 e-con-full e-flex e-con e-child\" data-id=\"dcf9bc6\" data-element_type=\"container\" data-e-type=\"container\" data-settings=\"{&quot;background_background&quot;:&quot;classic&quot;}\">\n\t\t\t\t<div class=\"elementor-element elementor-element-015e092 elementor-view-default elementor-widget elementor-widget-icon\" data-id=\"015e092\" data-element_type=\"widget\" data-e-type=\"widget\" data-widget_type=\"icon.default\">\n\t\t\t\t<div class=\"elementor-widget-container\">\n\t\t\t\t\t\t\t<div class=\"elementor-icon-wrapper\">\n\t\t\t<div class=\"elementor-icon\">\n\t\t\t<svg aria-hidden=\"true\" class=\"e-font-icon-svg e-fas-wheelchair\" viewBox=\"0 0 512 512\" xmlns=\"http:\/\/www.w3.org\/2000\/svg\"><path d=\"M496.101 385.669l14.227 28.663c3.929 7.915.697 17.516-7.218 21.445l-65.465 32.886c-16.049 7.967-35.556 1.194-43.189-15.055L331.679 320H192c-15.925 0-29.426-11.71-31.679-27.475C126.433 55.308 128.38 70.044 128 64c0-36.358 30.318-65.635 67.052-63.929 33.271 1.545 60.048 28.905 60.925 62.201.868 32.933-23.152 60.423-54.608 65.039l4.67 32.69H336c8.837 0 16 7.163 16 16v32c0 8.837-7.163 16-16 16H215.182l4.572 32H352a32 32 0 0 1 28.962 18.392L438.477 396.8l36.178-18.349c7.915-3.929 17.517-.697 21.446 7.218zM311.358 352h-24.506c-7.788 54.204-54.528 96-110.852 96-61.757 0-112-50.243-112-112 0-41.505 22.694-77.809 56.324-97.156-3.712-25.965-6.844-47.86-9.488-66.333C45.956 198.464 0 261.963 0 336c0 97.047 78.953 176 176 176 71.87 0 133.806-43.308 161.11-105.192L311.358 352z\"><\/path><\/svg>\t\t\t<\/div>\n\t\t<\/div>\n\t\t\t\t\t\t<\/div>\n\t\t\t\t<\/div>\n\t\t\t\t<\/div>\n\t\t\t\t<\/div>\n\t\t<div class=\"elementor-element elementor-element-9e6f530 e-con-full e-flex e-con e-child\" data-id=\"9e6f530\" data-element_type=\"container\" data-e-type=\"container\">\n\t\t\t\t<div class=\"elementor-element elementor-element-9cd4160 elementor-widget elementor-widget-heading\" data-id=\"9cd4160\" data-element_type=\"widget\" data-e-type=\"widget\" data-widget_type=\"heading.default\">\n\t\t\t\t<div class=\"elementor-widget-container\">\n\t\t\t\t\t<h5 class=\"elementor-heading-title elementor-size-default\">Acceso a la movilidad<\/h5>\t\t\t\t<\/div>\n\t\t\t\t<\/div>\n\t\t\t\t<div class=\"elementor-element elementor-element-ef1443a elementor-widget elementor-widget-text-editor\" data-id=\"ef1443a\" data-element_type=\"widget\" data-e-type=\"widget\" data-widget_type=\"text-editor.default\">\n\t\t\t\t<div class=\"elementor-widget-container\">\n\t\t\t\t\t\t\t\t\t<p>Este evento es accesible para sillas de ruedas.<\/p>\t\t\t\t\t\t\t\t<\/div>\n\t\t\t\t<\/div>\n\t\t\t\t<\/div>\n\t\t\t\t<\/div>\n\t\t\t\t<\/div>\n\t\t<div class=\"elementor-element elementor-element-6af6f00 e-con-full e-flex e-con e-child\" data-id=\"6af6f00\" data-element_type=\"container\" data-e-type=\"container\">\n\t\t<div class=\"elementor-element elementor-element-b243d29 e-con-full e-flex e-con e-child\" data-id=\"b243d29\" data-element_type=\"container\" data-e-type=\"container\">\n\t\t<div class=\"elementor-element elementor-element-a7ecd1c e-con-full e-flex e-con e-child\" data-id=\"a7ecd1c\" data-element_type=\"container\" data-e-type=\"container\">\n\t\t<div class=\"elementor-element elementor-element-90cc772 e-con-full e-flex e-con e-child\" data-id=\"90cc772\" data-element_type=\"container\" data-e-type=\"container\" data-settings=\"{&quot;background_background&quot;:&quot;classic&quot;}\">\n\t\t\t\t<div class=\"elementor-element elementor-element-f333f42 elementor-view-default elementor-widget elementor-widget-icon\" data-id=\"f333f42\" data-element_type=\"widget\" data-e-type=\"widget\" data-widget_type=\"icon.default\">\n\t\t\t\t<div class=\"elementor-widget-container\">\n\t\t\t\t\t\t\t<div class=\"elementor-icon-wrapper\">\n\t\t\t<div class=\"elementor-icon\">\n\t\t\t<svg aria-hidden=\"true\" class=\"e-font-icon-svg e-fas-dog\" viewBox=\"0 0 576 512\" xmlns=\"http:\/\/www.w3.org\/2000\/svg\"><path d=\"M298.06,224,448,277.55V496a16,16,0,0,1-16,16H368a16,16,0,0,1-16-16V384H192V496a16,16,0,0,1-16,16H112a16,16,0,0,1-16-16V282.09C58.84,268.84,32,233.66,32,192a32,32,0,0,1,64,0,32.06,32.06,0,0,0,32,32ZM544,112v32a64,64,0,0,1-64,64H448v35.58L320,197.87V48c0-14.25,17.22-21.39,27.31-11.31L374.59,64h53.63c10.91,0,23.75,7.92,28.62,17.69L464,96h64A16,16,0,0,1,544,112Zm-112,0a16,16,0,1,0-16,16A16,16,0,0,0,432,112Z\"><\/path><\/svg>\t\t\t<\/div>\n\t\t<\/div>\n\t\t\t\t\t\t<\/div>\n\t\t\t\t<\/div>\n\t\t\t\t<\/div>\n\t\t\t\t<\/div>\n\t\t<div class=\"elementor-element elementor-element-bfc141b e-con-full e-flex e-con e-child\" data-id=\"bfc141b\" data-element_type=\"container\" data-e-type=\"container\">\n\t\t\t\t<div class=\"elementor-element elementor-element-b543f62 elementor-widget elementor-widget-heading\" data-id=\"b543f62\" data-element_type=\"widget\" data-e-type=\"widget\" data-widget_type=\"heading.default\">\n\t\t\t\t<div class=\"elementor-widget-container\">\n\t\t\t\t\t<h5 class=\"elementor-heading-title elementor-size-default\">Animales de servicio<\/h5>\t\t\t\t<\/div>\n\t\t\t\t<\/div>\n\t\t\t\t<div class=\"elementor-element elementor-element-db1af04 elementor-widget elementor-widget-text-editor\" data-id=\"db1af04\" data-element_type=\"widget\" data-e-type=\"widget\" data-widget_type=\"text-editor.default\">\n\t\t\t\t<div class=\"elementor-widget-container\">\n\t\t\t\t\t\t\t\t\t<p>Siempre se permiten animales de servicio.<\/p>\t\t\t\t\t\t\t\t<\/div>\n\t\t\t\t<\/div>\n\t\t\t\t<\/div>\n\t\t\t\t<\/div>\n\t\t\t\t<\/div>\n\t\t\t\t<\/div>\n\t\t\t\t<\/div>\n\t\t\t\t\t<\/div>\n\t\t\t\t<\/div>\n\t\t<div class=\"elementor-element elementor-element-a512cf9 e-flex e-con-boxed e-con e-parent\" data-id=\"a512cf9\" data-element_type=\"container\" data-e-type=\"container\">\n\t\t\t\t\t<div class=\"e-con-inner\">\n\t\t\t\t<div class=\"elementor-element elementor-element-f69dc10 elementor-widget elementor-widget-heading\" data-id=\"f69dc10\" data-element_type=\"widget\" data-e-type=\"widget\" data-widget_type=\"heading.default\">\n\t\t\t\t<div class=\"elementor-widget-container\">\n\t\t\t\t\t<h5 class=\"elementor-heading-title elementor-size-default\">Alojamientos adicionales<\/h5>\t\t\t\t<\/div>\n\t\t\t\t<\/div>\n\t\t\t\t<div class=\"elementor-element elementor-element-c521a8d elementor-widget elementor-widget-text-editor\" data-id=\"c521a8d\" data-element_type=\"widget\" data-e-type=\"widget\" data-widget_type=\"text-editor.default\">\n\t\t\t\t<div class=\"elementor-widget-container\">\n\t\t\t\t\t\t\t\t\t<p>Este evento es producido por el Centro de Informaci\u00f3n y Cultura de Jap\u00f3n, Embajada de Jap\u00f3n. Para cualquier informaci\u00f3n adicional u otras necesidades de accesibilidad, por favor <a href=\"mailto:jicc@ws.mofa.go.jp\">env\u00ede un correo electr\u00f3nico a jicc@ws.mofa.go.jp<\/a> <\/p>\t\t\t\t\t\t\t\t<\/div>\n\t\t\t\t<\/div>\n\t\t\t\t\t<\/div>\n\t\t\t\t<\/div>\n\t\t\t\t<\/div>\n\t\t","protected":false},"excerpt":{"rendered":"<p>Una exposici\u00f3n de 250 dibujos y haikus compuestos por estudiantes de primaria en Jap\u00f3n y Washington D.C. con el tema de la sakura para celebrar el 250\u00ba aniversario de la [&hellip;]<\/p>\n","protected":false},"author":9,"featured_media":21597,"template":"","meta":{"_acf_changed":false,"_tribe_events_status":"","_tribe_events_status_reason":"","_tribe_events_is_hybrid":"","_tribe_events_is_virtual":"","_tribe_events_virtual_video_source":"","_tribe_events_virtual_embed_video":"","_tribe_events_virtual_linked_button_text":"","_tribe_events_virtual_linked_button":"","_tribe_events_virtual_show_embed_at":"","_tribe_events_virtual_show_embed_to":[],"_tribe_events_virtual_show_on_event":"","_tribe_events_virtual_show_on_views":"","_tribe_events_virtual_url":"","footnotes":""},"tags":[],"tribe_events_cat":[83],"class_list":["post-21595","tribe_events","type-tribe_events","status-publish","has-post-thumbnail","hentry","tribe_events_cat-exposicion-instalacion","cat_exposicion-instalacion"],"acf":[],"yoast_head":"<!-- This site is optimized with the Yoast SEO Premium plugin v27.4 (Yoast SEO v27.4) - https:\/\/yoast.com\/product\/yoast-seo-premium-wordpress\/ -->\n<title>Amistad en flor - National Cherry Blossom Festival<\/title>\n<meta name=\"robots\" content=\"index, follow, max-snippet:-1, max-image-preview:large, max-video-preview:-1\" \/>\n<link rel=\"canonical\" href=\"https:\/\/nationalcherryblossomfestival.org\/es\/event\/amistad-en-flor\/\" \/>\n<meta property=\"og:locale\" content=\"es_ES\" \/>\n<meta property=\"og:type\" content=\"article\" \/>\n<meta property=\"og:title\" content=\"Amistad en flor\" \/>\n<meta property=\"og:description\" content=\"Una exposici\u00f3n de 250 dibujos y haikus compuestos por estudiantes de primaria en Jap\u00f3n y Washington D.C. con el tema de la sakura para celebrar el 250\u00ba aniversario de la [&hellip;]\" \/>\n<meta property=\"og:url\" content=\"https:\/\/nationalcherryblossomfestival.org\/es\/event\/amistad-en-flor\/\" \/>\n<meta property=\"og:site_name\" content=\"National Cherry Blossom Festival\" \/>\n<meta property=\"article:publisher\" content=\"https:\/\/www.facebook.com\/CherryBlossomFestival\" \/>\n<meta property=\"article:modified_time\" content=\"2026-04-01T06:33:39+00:00\" \/>\n<meta property=\"og:image\" content=\"https:\/\/nationalcherryblossomfestival.org\/wp-content\/uploads\/2026\/03\/EOJ-250-Logo.png\" \/>\n\t<meta property=\"og:image:width\" content=\"635\" \/>\n\t<meta property=\"og:image:height\" content=\"636\" \/>\n\t<meta property=\"og:image:type\" content=\"image\/png\" \/>\n<meta name=\"twitter:card\" content=\"summary_large_image\" \/>\n<meta name=\"twitter:site\" content=\"@CherryBlossFest\" \/>\n<meta name=\"twitter:label1\" content=\"Tiempo de lectura\" \/>\n\t<meta name=\"twitter:data1\" content=\"1 minuto\" \/>\n<script type=\"application\/ld+json\" class=\"yoast-schema-graph\">{\"@context\":\"https:\\\/\\\/schema.org\",\"@graph\":[{\"@type\":\"WebPage\",\"@id\":\"https:\\\/\\\/nationalcherryblossomfestival.org\\\/es\\\/event\\\/amistad-en-flor\\\/\",\"url\":\"https:\\\/\\\/nationalcherryblossomfestival.org\\\/es\\\/event\\\/amistad-en-flor\\\/\",\"name\":\"Amistad en flor - National Cherry Blossom Festival\",\"isPartOf\":{\"@id\":\"https:\\\/\\\/nationalcherryblossomfestival.org\\\/es\\\/#website\"},\"primaryImageOfPage\":{\"@id\":\"https:\\\/\\\/nationalcherryblossomfestival.org\\\/es\\\/event\\\/amistad-en-flor\\\/#primaryimage\"},\"image\":{\"@id\":\"https:\\\/\\\/nationalcherryblossomfestival.org\\\/es\\\/event\\\/amistad-en-flor\\\/#primaryimage\"},\"thumbnailUrl\":\"https:\\\/\\\/nationalcherryblossomfestival.org\\\/wp-content\\\/uploads\\\/2026\\\/03\\\/EOJ-250-Logo.png\",\"datePublished\":\"2026-03-05T10:23:39+00:00\",\"dateModified\":\"2026-04-01T06:33:39+00:00\",\"breadcrumb\":{\"@id\":\"https:\\\/\\\/nationalcherryblossomfestival.org\\\/es\\\/event\\\/amistad-en-flor\\\/#breadcrumb\"},\"inLanguage\":\"es\",\"potentialAction\":[{\"@type\":\"ReadAction\",\"target\":[\"https:\\\/\\\/nationalcherryblossomfestival.org\\\/es\\\/event\\\/amistad-en-flor\\\/\"]}]},{\"@type\":\"ImageObject\",\"inLanguage\":\"es\",\"@id\":\"https:\\\/\\\/nationalcherryblossomfestival.org\\\/es\\\/event\\\/amistad-en-flor\\\/#primaryimage\",\"url\":\"https:\\\/\\\/nationalcherryblossomfestival.org\\\/wp-content\\\/uploads\\\/2026\\\/03\\\/EOJ-250-Logo.png\",\"contentUrl\":\"https:\\\/\\\/nationalcherryblossomfestival.org\\\/wp-content\\\/uploads\\\/2026\\\/03\\\/EOJ-250-Logo.png\",\"width\":635,\"height\":636},{\"@type\":\"BreadcrumbList\",\"@id\":\"https:\\\/\\\/nationalcherryblossomfestival.org\\\/es\\\/event\\\/amistad-en-flor\\\/#breadcrumb\",\"itemListElement\":[{\"@type\":\"ListItem\",\"position\":1,\"name\":\"Inicio\",\"item\":\"https:\\\/\\\/nationalcherryblossomfestival.org\\\/es\\\/inicio\\\/\"},{\"@type\":\"ListItem\",\"position\":2,\"name\":\"Eventos\",\"item\":\"https:\\\/\\\/nationalcherryblossomfestival.org\\\/es\\\/eventos\\\/\"},{\"@type\":\"ListItem\",\"position\":3,\"name\":\"Amistad en flor\"}]},{\"@type\":\"WebSite\",\"@id\":\"https:\\\/\\\/nationalcherryblossomfestival.org\\\/es\\\/#website\",\"url\":\"https:\\\/\\\/nationalcherryblossomfestival.org\\\/es\\\/\",\"name\":\"National Cherry Blossom Festival\",\"description\":\"\",\"publisher\":{\"@id\":\"https:\\\/\\\/nationalcherryblossomfestival.org\\\/es\\\/#organization\"},\"potentialAction\":[{\"@type\":\"SearchAction\",\"target\":{\"@type\":\"EntryPoint\",\"urlTemplate\":\"https:\\\/\\\/nationalcherryblossomfestival.org\\\/es\\\/?s={search_term_string}\"},\"query-input\":{\"@type\":\"PropertyValueSpecification\",\"valueRequired\":true,\"valueName\":\"search_term_string\"}}],\"inLanguage\":\"es\"},{\"@type\":\"Organization\",\"@id\":\"https:\\\/\\\/nationalcherryblossomfestival.org\\\/es\\\/#organization\",\"name\":\"Festival Nacional de los Cerezos en Flor\",\"url\":\"https:\\\/\\\/nationalcherryblossomfestival.org\\\/es\\\/\",\"logo\":{\"@type\":\"ImageObject\",\"inLanguage\":\"es\",\"@id\":\"https:\\\/\\\/nationalcherryblossomfestival.org\\\/es\\\/#\\\/schema\\\/logo\\\/image\\\/\",\"url\":\"https:\\\/\\\/nationalcherryblossomfestival.org\\\/wp-content\\\/uploads\\\/2025\\\/10\\\/ncbf-logo-mobile-menu.svg\",\"contentUrl\":\"https:\\\/\\\/nationalcherryblossomfestival.org\\\/wp-content\\\/uploads\\\/2025\\\/10\\\/ncbf-logo-mobile-menu.svg\",\"width\":214,\"height\":60,\"caption\":\"Festival Nacional de los Cerezos en Flor\"},\"image\":{\"@id\":\"https:\\\/\\\/nationalcherryblossomfestival.org\\\/es\\\/#\\\/schema\\\/logo\\\/image\\\/\"},\"sameAs\":[\"https:\\\/\\\/www.facebook.com\\\/CherryBlossomFestival\",\"https:\\\/\\\/x.com\\\/CherryBlossFest\",\"https:\\\/\\\/www.instagram.com\\\/cherryblossfest\",\"https:\\\/\\\/www.youtube.com\\\/user\\\/NatlCherryBlossomFes\\\/\",\"https:\\\/\\\/www.linkedin.com\\\/company\\\/national-cherry-blossom-festival\"]}]}<\/script>\n<!-- \/ Yoast SEO Premium plugin. -->","yoast_head_json":{"title":"Amistad en flor - National Cherry Blossom Festival","robots":{"index":"index","follow":"follow","max-snippet":"max-snippet:-1","max-image-preview":"max-image-preview:large","max-video-preview":"max-video-preview:-1"},"canonical":"https:\/\/nationalcherryblossomfestival.org\/es\/event\/amistad-en-flor\/","og_locale":"es_ES","og_type":"article","og_title":"Amistad en flor","og_description":"Una exposici\u00f3n de 250 dibujos y haikus compuestos por estudiantes de primaria en Jap\u00f3n y Washington D.C. con el tema de la sakura para celebrar el 250\u00ba aniversario de la [&hellip;]","og_url":"https:\/\/nationalcherryblossomfestival.org\/es\/event\/amistad-en-flor\/","og_site_name":"National Cherry Blossom Festival","article_publisher":"https:\/\/www.facebook.com\/CherryBlossomFestival","article_modified_time":"2026-04-01T06:33:39+00:00","og_image":[{"width":635,"height":636,"url":"https:\/\/nationalcherryblossomfestival.org\/wp-content\/uploads\/2026\/03\/EOJ-250-Logo.png","type":"image\/png"}],"twitter_card":"summary_large_image","twitter_site":"@CherryBlossFest","twitter_misc":{"Tiempo de lectura":"1 minuto"},"schema":{"@context":"https:\/\/schema.org","@graph":[{"@type":"WebPage","@id":"https:\/\/nationalcherryblossomfestival.org\/es\/event\/amistad-en-flor\/","url":"https:\/\/nationalcherryblossomfestival.org\/es\/event\/amistad-en-flor\/","name":"Amistad en flor - National Cherry Blossom Festival","isPartOf":{"@id":"https:\/\/nationalcherryblossomfestival.org\/es\/#website"},"primaryImageOfPage":{"@id":"https:\/\/nationalcherryblossomfestival.org\/es\/event\/amistad-en-flor\/#primaryimage"},"image":{"@id":"https:\/\/nationalcherryblossomfestival.org\/es\/event\/amistad-en-flor\/#primaryimage"},"thumbnailUrl":"https:\/\/nationalcherryblossomfestival.org\/wp-content\/uploads\/2026\/03\/EOJ-250-Logo.png","datePublished":"2026-03-05T10:23:39+00:00","dateModified":"2026-04-01T06:33:39+00:00","breadcrumb":{"@id":"https:\/\/nationalcherryblossomfestival.org\/es\/event\/amistad-en-flor\/#breadcrumb"},"inLanguage":"es","potentialAction":[{"@type":"ReadAction","target":["https:\/\/nationalcherryblossomfestival.org\/es\/event\/amistad-en-flor\/"]}]},{"@type":"ImageObject","inLanguage":"es","@id":"https:\/\/nationalcherryblossomfestival.org\/es\/event\/amistad-en-flor\/#primaryimage","url":"https:\/\/nationalcherryblossomfestival.org\/wp-content\/uploads\/2026\/03\/EOJ-250-Logo.png","contentUrl":"https:\/\/nationalcherryblossomfestival.org\/wp-content\/uploads\/2026\/03\/EOJ-250-Logo.png","width":635,"height":636},{"@type":"BreadcrumbList","@id":"https:\/\/nationalcherryblossomfestival.org\/es\/event\/amistad-en-flor\/#breadcrumb","itemListElement":[{"@type":"ListItem","position":1,"name":"Inicio","item":"https:\/\/nationalcherryblossomfestival.org\/es\/inicio\/"},{"@type":"ListItem","position":2,"name":"Eventos","item":"https:\/\/nationalcherryblossomfestival.org\/es\/eventos\/"},{"@type":"ListItem","position":3,"name":"Amistad en flor"}]},{"@type":"WebSite","@id":"https:\/\/nationalcherryblossomfestival.org\/es\/#website","url":"https:\/\/nationalcherryblossomfestival.org\/es\/","name":"National Cherry Blossom Festival","description":"","publisher":{"@id":"https:\/\/nationalcherryblossomfestival.org\/es\/#organization"},"potentialAction":[{"@type":"SearchAction","target":{"@type":"EntryPoint","urlTemplate":"https:\/\/nationalcherryblossomfestival.org\/es\/?s={search_term_string}"},"query-input":{"@type":"PropertyValueSpecification","valueRequired":true,"valueName":"search_term_string"}}],"inLanguage":"es"},{"@type":"Organization","@id":"https:\/\/nationalcherryblossomfestival.org\/es\/#organization","name":"Festival Nacional de los Cerezos en Flor","url":"https:\/\/nationalcherryblossomfestival.org\/es\/","logo":{"@type":"ImageObject","inLanguage":"es","@id":"https:\/\/nationalcherryblossomfestival.org\/es\/#\/schema\/logo\/image\/","url":"https:\/\/nationalcherryblossomfestival.org\/wp-content\/uploads\/2025\/10\/ncbf-logo-mobile-menu.svg","contentUrl":"https:\/\/nationalcherryblossomfestival.org\/wp-content\/uploads\/2025\/10\/ncbf-logo-mobile-menu.svg","width":214,"height":60,"caption":"Festival Nacional de los Cerezos en Flor"},"image":{"@id":"https:\/\/nationalcherryblossomfestival.org\/es\/#\/schema\/logo\/image\/"},"sameAs":["https:\/\/www.facebook.com\/CherryBlossomFestival","https:\/\/x.com\/CherryBlossFest","https:\/\/www.instagram.com\/cherryblossfest","https:\/\/www.youtube.com\/user\/NatlCherryBlossomFes\/","https:\/\/www.linkedin.com\/company\/national-cherry-blossom-festival"]}]}},"jetpack_sharing_enabled":true,"_links":{"self":[{"href":"https:\/\/nationalcherryblossomfestival.org\/es\/wp-json\/wp\/v2\/tribe_events\/21595","targetHints":{"allow":["GET"]}}],"collection":[{"href":"https:\/\/nationalcherryblossomfestival.org\/es\/wp-json\/wp\/v2\/tribe_events"}],"about":[{"href":"https:\/\/nationalcherryblossomfestival.org\/es\/wp-json\/wp\/v2\/types\/tribe_events"}],"author":[{"embeddable":true,"href":"https:\/\/nationalcherryblossomfestival.org\/es\/wp-json\/wp\/v2\/users\/9"}],"version-history":[{"count":0,"href":"https:\/\/nationalcherryblossomfestival.org\/es\/wp-json\/wp\/v2\/tribe_events\/21595\/revisions"}],"wp:featuredmedia":[{"embeddable":true,"href":"https:\/\/nationalcherryblossomfestival.org\/es\/wp-json\/wp\/v2\/media\/21597"}],"wp:attachment":[{"href":"https:\/\/nationalcherryblossomfestival.org\/es\/wp-json\/wp\/v2\/media?parent=21595"}],"wp:term":[{"taxonomy":"post_tag","embeddable":true,"href":"https:\/\/nationalcherryblossomfestival.org\/es\/wp-json\/wp\/v2\/tags?post=21595"},{"taxonomy":"tribe_events_cat","embeddable":true,"href":"https:\/\/nationalcherryblossomfestival.org\/es\/wp-json\/wp\/v2\/tribe_events_cat?post=21595"}],"curies":[{"name":"wp","href":"https:\/\/api.w.org\/{rel}","templated":true}]}}